{"id":6093,"date":"2025-11-12T08:21:26","date_gmt":"2025-11-12T08:21:26","guid":{"rendered":"http:\/\/test.heizungsbau-schaefer.de\/?page_id=6093"},"modified":"2026-01-22T13:03:06","modified_gmt":"2026-01-22T13:03:06","slug":"datenschutzerklaerung","status":"publish","type":"page","link":"https:\/\/heizungsbau-schaefer.de\/?page_id=6093","title":{"rendered":"Datenschutzerkl\u00e4rung"},"content":{"rendered":"\t\t<div data-elementor-type=\"wp-page\" data-elementor-id=\"6093\" class=\"elementor elementor-6093\">\n\t\t\t\t<div class=\"elementor-element elementor-element-2af0577f e-flex e-con-boxed e-con e-parent\" data-id=\"2af0577f\" data-element_type=\"container\" data-e-type=\"container\">\n\t\t\t\t\t<div class=\"e-con-inner\">\n\t\t\t\t<div class=\"elementor-element elementor-element-1c2958f2 elementor-widget elementor-widget-text-editor\" data-id=\"1c2958f2\" data-element_type=\"widget\" data-e-type=\"widget\" data-widget_type=\"text-editor.default\">\n\t\t\t\t\t\t\t\t\t<p><\/p>\n<h1 class=\"wp-block-heading\" style=\"color: #000000;\" data-start=\"289\" data-end=\"311\">Datenschutzerkl\u00e4rung<\/h1>\n<div>\u00a0<\/div>\n<h4 style=\"color: #000000;\">1. Datenschutz auf einen Blick<\/h4>\n<div>\u00a0<\/div>\n<p style=\"font-size: medium; font-weight: 400;\" data-start=\"348\" data-end=\"614\">Der Schutz Ihrer pers\u00f6nlichen Daten ist uns ein wichtiges Anliegen.<br data-start=\"415\" data-end=\"418\" \/>In dieser Datenschutzerkl\u00e4rung informieren wir Sie dar\u00fcber, welche personenbezogenen Daten bei der Nutzung unserer Website erhoben werden, wie wir diese verwenden und welche Rechte Ihnen zustehen.<\/p>\n<hr style=\"font-size: medium; font-weight: 400;\" data-start=\"616\" data-end=\"619\" \/>\n<h4 style=\"color: #000000;\">2. Verantwortlicher<\/h4>\n<div>\u00a0<\/div>\n<p style=\"font-size: medium; font-weight: 400;\" data-start=\"645\" data-end=\"739\"><strong data-start=\"645\" data-end=\"686\">Manfred Sch\u00e4fer GmbH<\/strong><br data-start=\"686\" data-end=\"689\" \/>Kolpingstra\u00dfe 2<br data-start=\"704\" data-end=\"707\" \/>76831 G\u00f6cklingen<br data-start=\"723\" data-end=\"726\" \/>Deutschland<\/p>\n<p style=\"font-size: medium; font-weight: 400;\" data-start=\"741\" data-end=\"808\">Telefon: +49 (0) 6349 8573<br data-start=\"767\" data-end=\"770\" \/>E-Mail: <a rel=\"noopener\" data-start=\"778\" data-end=\"806\">info@heizungsbau-schaefer.de<\/a><\/p>\n<p style=\"font-size: medium; font-weight: 400;\" data-start=\"810\" data-end=\"861\">Vertreten durch den Gesch\u00e4ftsf\u00fchrer: Martin Sch\u00e4fer<\/p>\n<hr style=\"font-size: medium; font-weight: 400;\" data-start=\"863\" data-end=\"866\" \/>\n<h4 style=\"color: #000000;\">3. Zugriffsdaten beim Besuch der Website<\/h4>\n<div>\u00a0<\/div>\n<p style=\"font-size: medium; font-weight: 400;\" data-start=\"913\" data-end=\"1119\">Beim Aufruf unserer Website werden automatisch Informationen durch den Webserver erfasst.<br data-start=\"1002\" data-end=\"1005\" \/>Diese Daten sind technisch erforderlich, um die Website korrekt darzustellen und ihre Stabilit\u00e4t zu gew\u00e4hrleisten.<\/p>\n<p style=\"font-size: medium; font-weight: 400;\" data-start=\"1121\" data-end=\"1144\">Erfasst werden u. a.:<\/p>\n<ul style=\"font-size: medium; font-weight: 400;\" data-start=\"1145\" data-end=\"1334\">\n<li data-start=\"1145\" data-end=\"1200\">\n<p data-start=\"1147\" data-end=\"1200\">IP-Adresse (in der Regel gek\u00fcrzt oder anonymisiert)<\/p>\n<\/li>\n<li data-start=\"1201\" data-end=\"1235\">\n<p data-start=\"1203\" data-end=\"1235\">Datum und Uhrzeit des Zugriffs<\/p>\n<\/li>\n<li data-start=\"1236\" data-end=\"1258\">\n<p data-start=\"1238\" data-end=\"1258\">aufgerufene Seiten<\/p>\n<\/li>\n<li data-start=\"1259\" data-end=\"1286\">\n<p data-start=\"1261\" data-end=\"1286\">Browsertyp und -version<\/p>\n<\/li>\n<li data-start=\"1287\" data-end=\"1317\">\n<p data-start=\"1289\" data-end=\"1317\">verwendetes Betriebssystem<\/p>\n<\/li>\n<li data-start=\"1318\" data-end=\"1334\">\n<p data-start=\"1320\" data-end=\"1334\">Referrer-URL<\/p>\n<\/li>\n<\/ul>\n<p style=\"font-size: medium; font-weight: 400;\" data-start=\"1336\" data-end=\"1410\"><strong data-start=\"1336\" data-end=\"1356\">Rechtsgrundlage:<\/strong><br data-start=\"1356\" data-end=\"1359\" \/>Art. 6 Abs. 1 lit. f DSGVO (berechtigtes Interesse)<\/p>\n<hr style=\"font-size: medium; font-weight: 400;\" data-start=\"1412\" data-end=\"1415\" \/>\n<h4 style=\"color: #000000;\">4. Kontaktformular und E-Mail-Kontakt<\/h4>\n<div>\u00a0<\/div>\n<p style=\"font-size: medium; font-weight: 400;\" data-start=\"1459\" data-end=\"1683\">Wenn Sie uns \u00fcber das Kontaktformular oder per E-Mail kontaktieren, werden die von Ihnen gemachten Angaben (z. B. Name, E-Mail-Adresse, Telefonnummer, Nachricht) gespeichert, um Ihre Anfrage zu bearbeiten und zu beantworten.<\/p>\n<p style=\"font-size: medium; font-weight: 400;\" data-start=\"1685\" data-end=\"1743\">Diese Daten geben wir nicht ohne Ihre Einwilligung weiter.<\/p>\n<p style=\"font-size: medium; font-weight: 400;\" data-start=\"1745\" data-end=\"1902\"><strong data-start=\"1745\" data-end=\"1765\">Rechtsgrundlage:<\/strong><br data-start=\"1765\" data-end=\"1768\" \/>Art. 6 Abs. 1 lit. b DSGVO (vorvertragliche Ma\u00dfnahmen)<br data-start=\"1822\" data-end=\"1825\" \/>oder Art. 6 Abs. 1 lit. f DSGVO (berechtigtes Interesse an der Kommunikation)<\/p>\n<p style=\"font-size: medium; font-weight: 400;\" data-start=\"1904\" data-end=\"2002\">Die Daten werden gel\u00f6scht, sobald sie f\u00fcr den Zweck der Verarbeitung nicht mehr erforderlich sind.<\/p>\n<hr style=\"font-size: medium; font-weight: 400;\" data-start=\"2004\" data-end=\"2007\" \/>\n<h4 style=\"color: #000000;\">5. Google Maps<\/h4>\n<div>\u00a0<\/div>\n<p style=\"font-size: medium; font-weight: 400;\" data-start=\"2028\" data-end=\"2177\">Auf unserer Website ist der Kartendienst <strong data-start=\"2069\" data-end=\"2110\">Google Maps<\/strong> eingebunden, um Ihnen unseren Standort \u00fcbersichtlich darzustellen.<\/p>\n<p style=\"font-size: medium; font-weight: 400;\" data-start=\"2179\" data-end=\"2297\">Anbieter ist die <strong data-start=\"2196\" data-end=\"2237\">Google LLC<\/strong>,<br data-start=\"2238\" data-end=\"2241\" \/>1600 Amphitheatre Parkway, Mountain View, CA 94043, USA.<\/p>\n<p style=\"font-size: medium; font-weight: 400;\" data-start=\"2299\" data-end=\"2548\">Durch die Nutzung von Google Maps k\u00f6nnen Informationen \u00fcber Ihre Nutzung dieser Website (einschlie\u00dflich Ihrer IP-Adresse) an Server von Google \u00fcbertragen und dort gespeichert werden. Eine Daten\u00fcbertragung in die USA kann nicht ausgeschlossen werden.<\/p>\n<p style=\"font-size: medium; font-weight: 400;\" data-start=\"2550\" data-end=\"2682\"><strong data-start=\"2550\" data-end=\"2570\">Rechtsgrundlage:<\/strong><br data-start=\"2570\" data-end=\"2573\" \/>Art. 6 Abs. 1 lit. f DSGVO (berechtigtes Interesse an einer nutzerfreundlichen Darstellung unseres Standorts)<\/p>\n<p style=\"font-size: medium; font-weight: 400;\" data-start=\"2684\" data-end=\"2794\">Weitere Informationen finden Sie in der Datenschutzerkl\u00e4rung von Google:<br data-start=\"2756\" data-end=\"2759\" \/><a href=\"https:\/\/policies.google.com\/privacy\" target=\"_new\" rel=\"noopener\" data-start=\"2759\" data-end=\"2794\">https:\/\/policies.google.com\/privacy<\/a><\/p>\n<hr style=\"font-size: medium; font-weight: 400;\" data-start=\"2796\" data-end=\"2799\" \/>\n<h4 style=\"color: #000000;\">6. Instagram Feed<\/h4>\n<div>\u00a0<\/div>\n<p style=\"font-size: medium; font-weight: 400;\" data-start=\"2823\" data-end=\"2936\">Auf unserer Website sind Inhalte aus dem sozialen Netzwerk <strong data-start=\"2882\" data-end=\"2923\">Instagram<\/strong> eingebunden.<\/p>\n<p style=\"font-size: medium; font-weight: 400;\" data-start=\"2938\" data-end=\"3031\">Anbieter ist die <strong data-start=\"2955\" data-end=\"2996\">Meta Platforms Ireland Limited<\/strong>,<br data-start=\"2997\" data-end=\"3000\" \/>Merrion Road, Dublin 4, Irland.<\/p>\n<p style=\"font-size: medium; font-weight: 400;\" data-start=\"3033\" data-end=\"3263\">Beim Aufruf einer Seite mit eingebettetem Instagram-Inhalt wird eine Verbindung zu den Servern von Instagram hergestellt. Dabei k\u00f6nnen personenbezogene Daten (z. B. IP-Adresse, Browserinformationen) an Instagram \u00fcbertragen werden.<\/p>\n<p style=\"font-size: medium; font-weight: 400;\" data-start=\"3265\" data-end=\"3376\">Wenn Sie bei Instagram eingeloggt sind, kann Instagram den Besuch unserer Website Ihrem Benutzerkonto zuordnen.<\/p>\n<p style=\"font-size: medium; font-weight: 400;\" data-start=\"3378\" data-end=\"3490\"><strong data-start=\"3378\" data-end=\"3398\">Rechtsgrundlage:<\/strong><br data-start=\"3398\" data-end=\"3401\" \/>Art. 6 Abs. 1 lit. f DSGVO (berechtigtes Interesse an einer ansprechenden Online-Pr\u00e4senz)<\/p>\n<p style=\"font-size: medium; font-weight: 400;\" data-start=\"3492\" data-end=\"3606\">Weitere Informationen finden Sie in der Datenschutzerkl\u00e4rung von Instagram:<br data-start=\"3567\" data-end=\"3570\" \/><a href=\"https:\/\/privacycenter.instagram.com\/\" target=\"_new\" rel=\"noopener\" data-start=\"3570\" data-end=\"3606\">https:\/\/privacycenter.instagram.com\/<\/a><\/p>\n<hr style=\"font-size: medium; font-weight: 400;\" data-start=\"3608\" data-end=\"3611\" \/>\n<h4 style=\"color: #000000;\">7. Cookies<\/h4>\n<div>\u00a0<\/div>\n<p style=\"font-size: medium; font-weight: 400;\" data-start=\"3628\" data-end=\"3704\">Unsere Website verwendet derzeit <strong data-start=\"3661\" data-end=\"3703\">keine Tracking- oder Marketing-Cookies<\/strong>.<\/p>\n<p style=\"font-size: medium; font-weight: 400;\" data-start=\"3706\" data-end=\"3885\">Es k\u00f6nnen jedoch technisch notwendige Cookies eingesetzt werden, die f\u00fcr den sicheren Betrieb der Website erforderlich sind. Diese Cookies speichern keine personenbezogenen Daten.<\/p>\n<p style=\"font-size: medium; font-weight: 400;\" data-start=\"3887\" data-end=\"3936\"><strong data-start=\"3887\" data-end=\"3907\">Rechtsgrundlage:<\/strong><br data-start=\"3907\" data-end=\"3910\" \/>Art. 6 Abs. 1 lit. f DSGVO<\/p>\n<hr style=\"font-size: medium; font-weight: 400;\" data-start=\"3938\" data-end=\"3941\" \/>\n<h4 style=\"color: #000000;\">8. Weitergabe von Daten<\/h4>\n<div>\u00a0<\/div>\n<p style=\"font-size: medium; font-weight: 400;\" data-start=\"3971\" data-end=\"4039\">Eine Weitergabe personenbezogener Daten an Dritte erfolgt nur, wenn:<\/p>\n<ul style=\"font-size: medium; font-weight: 400;\" data-start=\"4040\" data-end=\"4171\">\n<li data-start=\"4040\" data-end=\"4079\">\n<p data-start=\"4042\" data-end=\"4079\">Sie ausdr\u00fccklich eingewilligt haben<\/p>\n<\/li>\n<li data-start=\"4080\" data-end=\"4128\">\n<p data-start=\"4082\" data-end=\"4128\">dies zur Vertragsabwicklung erforderlich ist<\/p>\n<\/li>\n<li data-start=\"4129\" data-end=\"4171\">\n<p data-start=\"4131\" data-end=\"4171\">eine gesetzliche Verpflichtung besteht<\/p>\n<\/li>\n<\/ul>\n<p style=\"font-size: medium; font-weight: 400;\" data-start=\"4173\" data-end=\"4224\">Eine Weitergabe zu Werbezwecken findet nicht statt.<\/p>\n<hr style=\"font-size: medium; font-weight: 400;\" data-start=\"4226\" data-end=\"4229\" \/>\n<h4 style=\"color: #000000;\">9. Ihre Rechte<\/h4>\n<div>\u00a0<\/div>\n<p style=\"font-size: medium; font-weight: 400;\" data-start=\"4250\" data-end=\"4284\">Sie haben jederzeit das Recht auf:<\/p>\n<ul style=\"font-size: medium; font-weight: 400;\" data-start=\"4285\" data-end=\"4522\">\n<li data-start=\"4285\" data-end=\"4313\">\n<p data-start=\"4287\" data-end=\"4313\">Auskunft (Art. 15 DSGVO)<\/p>\n<\/li>\n<li data-start=\"4314\" data-end=\"4346\">\n<p data-start=\"4316\" data-end=\"4346\">Berichtigung (Art. 16 DSGVO)<\/p>\n<\/li>\n<li data-start=\"4347\" data-end=\"4375\">\n<p data-start=\"4349\" data-end=\"4375\">L\u00f6schung (Art. 17 DSGVO)<\/p>\n<\/li>\n<li data-start=\"4376\" data-end=\"4426\">\n<p data-start=\"4378\" data-end=\"4426\">Einschr\u00e4nkung der Verarbeitung (Art. 18 DSGVO)<\/p>\n<\/li>\n<li data-start=\"4427\" data-end=\"4467\">\n<p data-start=\"4429\" data-end=\"4467\">Daten\u00fcbertragbarkeit (Art. 20 DSGVO)<\/p>\n<\/li>\n<li data-start=\"4468\" data-end=\"4522\">\n<p data-start=\"4470\" data-end=\"4522\">Widerspruch gegen die Verarbeitung (Art. 21 DSGVO)<\/p>\n<\/li>\n<\/ul>\n<p style=\"font-size: medium; font-weight: 400;\" data-start=\"4524\" data-end=\"4583\">Eine erteilte Einwilligung k\u00f6nnen Sie jederzeit widerrufen.<\/p>\n<hr style=\"font-size: medium; font-weight: 400;\" data-start=\"4585\" data-end=\"4588\" \/>\n<h4 style=\"color: #000000;\">10. Beschwerderecht<\/h4>\n<div>\u00a0<\/div>\n<p style=\"font-size: medium; font-weight: 400;\" data-start=\"4614\" data-end=\"4778\">Sie haben das Recht, sich bei einer Datenschutzaufsichtsbeh\u00f6rde zu beschweren.<br data-start=\"4692\" data-end=\"4695\" \/>Zust\u00e4ndig ist in der Regel die Datenschutzbeh\u00f6rde des Bundeslandes Rheinland-Pfalz.<\/p>\n<hr style=\"font-size: medium; font-weight: 400;\" data-start=\"4780\" data-end=\"4783\" \/>\n<h4 style=\"color: #000000;\">11. Datensicherheit<\/h4>\n<div>\u00a0<\/div>\n<p style=\"font-size: medium; font-weight: 400;\" data-start=\"4809\" data-end=\"5013\">Wir setzen technische und organisatorische Sicherheitsma\u00dfnahmen ein, um Ihre Daten vor unbefugtem Zugriff, Verlust oder Manipulation zu sch\u00fctzen.<br data-start=\"4954\" data-end=\"4957\" \/>Unsere Website nutzt eine SSL- bzw. TLS-Verschl\u00fcsselung.<\/p>\n<hr style=\"font-size: medium; font-weight: 400;\" data-start=\"5015\" data-end=\"5018\" \/>\n<h4 style=\"color: #000000;\">12. Aktualit\u00e4t<\/h4>\n<div>\u00a0<\/div>\n<p style=\"font-size: medium; font-weight: 400;\" data-start=\"5039\" data-end=\"5180\">Diese Datenschutzerkl\u00e4rung entspricht dem Stand <strong data-start=\"5087\" data-end=\"5095\">2026<\/strong>.<br data-start=\"5096\" data-end=\"5099\" \/>Wir behalten uns vor, sie bei technischen oder rechtlichen \u00c4nderungen anzupassen.<\/p>\n<hr style=\"font-size: medium; font-weight: 400;\" data-start=\"5182\" data-end=\"5185\" \/>\n<p style=\"font-size: medium; font-weight: 400;\" data-start=\"5187\" data-end=\"5214\">\u00a9 2026 Manfred Sch\u00e4fer GmbH<\/p>\n<p><\/p>\t\t\t\t\t\t\t\t<\/div>\n\t\t\t\t\t<\/div>\n\t\t\t\t<\/div>\n\t\t\t\t<\/div>\n\t\t","protected":false},"excerpt":{"rendered":"<p>Datenschutzerkl\u00e4rung \u00a0 1. Datenschutz auf einen Blick \u00a0 Der Schutz Ihrer pers\u00f6nlichen Daten ist uns ein wichtiges Anliegen.In dieser Datenschutzerkl\u00e4rung informieren wir Sie dar\u00fcber, welche personenbezogenen Daten bei der Nutzung unserer Website erhoben werden, wie wir diese verwenden und welche Rechte Ihnen zustehen. 2. Verantwortlicher \u00a0 Manfred Sch\u00e4fer GmbHKolpingstra\u00dfe 276831 G\u00f6cklingenDeutschland Telefon: +49 (0) 6349 [&hellip;]<\/p>\n","protected":false},"author":1,"featured_media":0,"parent":0,"menu_order":0,"comment_status":"closed","ping_status":"closed","template":"","meta":{"_monsterinsights_skip_tracking":false,"_monsterinsights_sitenote_active":false,"_monsterinsights_sitenote_note":"","_monsterinsights_sitenote_category":0,"footnotes":""},"class_list":["post-6093","page","type-page","status-publish","hentry"],"aioseo_notices":[],"_links":{"self":[{"href":"https:\/\/heizungsbau-schaefer.de\/index.php?rest_route=\/wp\/v2\/pages\/6093","targetHints":{"allow":["GET"]}}],"collection":[{"href":"https:\/\/heizungsbau-schaefer.de\/index.php?rest_route=\/wp\/v2\/pages"}],"about":[{"href":"https:\/\/heizungsbau-schaefer.de\/index.php?rest_route=\/wp\/v2\/types\/page"}],"author":[{"embeddable":true,"href":"https:\/\/heizungsbau-schaefer.de\/index.php?rest_route=\/wp\/v2\/users\/1"}],"replies":[{"embeddable":true,"href":"https:\/\/heizungsbau-schaefer.de\/index.php?rest_route=%2Fwp%2Fv2%2Fcomments&post=6093"}],"version-history":[{"count":3,"href":"https:\/\/heizungsbau-schaefer.de\/index.php?rest_route=\/wp\/v2\/pages\/6093\/revisions"}],"predecessor-version":[{"id":6555,"href":"https:\/\/heizungsbau-schaefer.de\/index.php?rest_route=\/wp\/v2\/pages\/6093\/revisions\/6555"}],"wp:attachment":[{"href":"https:\/\/heizungsbau-schaefer.de\/index.php?rest_route=%2Fwp%2Fv2%2Fmedia&parent=6093"}],"curies":[{"name":"wp","href":"https:\/\/api.w.org\/{rel}","templated":true}]}}